{"id":9434,"date":"2023-12-19T15:05:10","date_gmt":"2023-12-19T14:05:10","guid":{"rendered":"https:\/\/meinlschmidt.de\/?page_id=9434"},"modified":"2026-08-28T14:02:04","modified_gmt":"2026-08-28T12:02:04","slug":"kontaktseite-boeblingen","status":"publish","type":"page","link":"https:\/\/meinlschmidt.de\/en\/kontakt\/kontaktseite-boeblingen\/","title":{"rendered":"B\u00f6blingen"},"content":{"rendered":"<div data-elementor-type=\"wp-page\" data-elementor-id=\"9434\" class=\"elementor elementor-9434\" data-elementor-post-type=\"page\">\n\t\t\t\t<div class=\"elementor-element elementor-element-360b2aa e-flex e-con-boxed e-con e-parent\" data-id=\"360b2aa\" data-element_type=\"container\" data-e-type=\"container\" data-settings=\"{&quot;background_background&quot;:&quot;classic&quot;}\">\n\t\t\t\t\t<div class=\"e-con-inner\">\n\t\t\t\t<div class=\"elementor-element elementor-element-2bb9bc5 elementor-widget elementor-widget-heading\" data-id=\"2bb9bc5\" data-element_type=\"widget\" data-e-type=\"widget\" data-widget_type=\"heading.default\">\n\t\t\t\t\t<h2 class=\"elementor-heading-title elementor-size-default\">SAY HI.<\/h2>\t\t\t\t<\/div>\n\t\t\t\t\t<\/div>\n\t\t\t\t<\/div>\n\t\t<div class=\"elementor-element elementor-element-2398ff9 e-flex e-con-boxed e-con e-parent\" data-id=\"2398ff9\" data-element_type=\"container\" data-e-type=\"container\">\n\t\t\t\t\t<div class=\"e-con-inner\">\n\t\t<div class=\"elementor-element elementor-element-0353afe e-con-full e-flex e-con e-child\" data-id=\"0353afe\" data-element_type=\"container\" data-e-type=\"container\">\n\t\t\t\t<div class=\"elementor-element elementor-element-743208e elementor-widget elementor-widget-heading\" data-id=\"743208e\" data-element_type=\"widget\" data-e-type=\"widget\" data-widget_type=\"heading.default\">\n\t\t\t\t\t<h2 class=\"elementor-heading-title elementor-size-default translation-block\">TO OUR <br> WORKPLACE VISIONARIES<\/h2>\t\t\t\t<\/div>\n\t\t\t\t<\/div>\n\t\t<div class=\"elementor-element elementor-element-3b47c53 e-con-full e-flex e-con e-child\" data-id=\"3b47c53\" data-element_type=\"container\" data-e-type=\"container\">\n\t\t\t\t<div class=\"elementor-element elementor-element-ee86c92 elementor-widget elementor-widget-text-editor\" data-id=\"ee86c92\" data-element_type=\"widget\" data-e-type=\"widget\" data-widget_type=\"text-editor.default\">\n\t\t\t\t\t\t\t\t\t<p><strong>B\u00d6BLINGEN<\/strong><\/p><p>Konrad-Zuse-Stra\u00dfe 12<br \/>71034 B\u00f6blingen<\/p><p><strong>Termin nur nach Vereinbarung!<\/strong><\/p>\t\t\t\t\t\t\t\t<\/div>\n\t\t\t\t<\/div>\n\t\t\t\t\t<\/div>\n\t\t\t\t<\/div>\n\t\t<div class=\"elementor-element elementor-element-3be6393 e-flex e-con-boxed e-con e-parent\" data-id=\"3be6393\" data-element_type=\"container\" data-e-type=\"container\">\n\t\t\t\t\t<div class=\"e-con-inner\">\n\t\t<div class=\"elementor-element elementor-element-70d678d e-con-full e-flex e-con e-child\" data-id=\"70d678d\" data-element_type=\"container\" data-e-type=\"container\">\n\t\t\t\t<div class=\"elementor-element elementor-element-b0a4cab elementor-widget elementor-widget-image\" data-id=\"b0a4cab\" data-element_type=\"widget\" data-e-type=\"widget\" data-widget_type=\"image.default\">\n\t\t\t\t\t\t\t\t\t\t\t\t\t\t\t<img decoding=\"async\" src=\"https:\/\/meinlschmidt.de\/wp-content\/uploads\/elementor\/thumbs\/Bild-Stefan-qh30domueza6upfvwqo5ekpbhy4jroi6vhm97mfq1s.png\" title=\"Bild Stefan\" alt=\"Bild Stefan\" loading=\"lazy\" \/>\t\t\t\t\t\t\t\t\t\t\t\t\t\t\t<\/div>\n\t\t\t\t<div class=\"elementor-element elementor-element-b9d14da elementor-widget elementor-widget-text-editor\" data-id=\"b9d14da\" data-element_type=\"widget\" data-e-type=\"widget\" data-widget_type=\"text-editor.default\">\n\t\t\t\t\t\t\t\t\t<p><strong>Stefan Schomerus<\/strong><br \/>Prokurist \/ Sales Manager<\/p><p><a href=\"mailto:sts@meinlschmidt.de\">sts@meinlschmidt.de<\/a><br \/>+49 7031 702048-14<\/p>\t\t\t\t\t\t\t\t<\/div>\n\t\t\t\t<\/div>\n\t\t<div class=\"elementor-element elementor-element-8f73838 e-con-full e-flex e-con e-child\" data-id=\"8f73838\" data-element_type=\"container\" data-e-type=\"container\">\n\t\t\t\t<\/div>\n\t\t\t\t\t<\/div>\n\t\t\t\t<\/div>\n\t\t<div class=\"elementor-element elementor-element-e3ebd66 e-flex e-con-boxed e-con e-parent\" data-id=\"e3ebd66\" data-element_type=\"container\" data-e-type=\"container\">\n\t\t\t\t\t<div class=\"e-con-inner\">\n\t\t\t\t<div class=\"elementor-element elementor-element-a4122f6 elementor-widget elementor-widget-google_maps\" data-id=\"a4122f6\" data-element_type=\"widget\" data-e-type=\"widget\" data-widget_type=\"google_maps.default\">\n\t\t\t\t\t\t\t<div class=\"elementor-custom-embed\">\n\t\t\t<div class=\"BorlabsCookie _brlbs-cb-googlemaps\"><div class=\"_brlbs-content-blocker\"> <div class=\"_brlbs-embed _brlbs-google-maps\"> <img decoding=\"async\" class=\"_brlbs-thumbnail\" src=\"https:\/\/meinlschmidt.de\/wp-content\/plugins\/borlabs-cookie\/assets\/images\/cb-maps.png\" alt=\"Google Maps\"> <div class=\"_brlbs-caption\"> <p>Mit dem Laden der Karte akzeptieren Sie die Datenschutzerkl\u00e4rung von Google.<br><a href=\"https:\/\/policies.google.com\/privacy\" target=\"_blank\" rel=\"nofollow noopener noreferrer\">Mehr erfahren<\/a><\/p> <p><a class=\"_brlbs-btn\" href=\"#\" data-borlabs-cookie-unblock role=\"button\">Karte laden<\/a><\/p> <p><label><input type=\"checkbox\" name=\"unblockAll\" value=\"1\" checked> <small>Google Maps immer entsperren<\/small><\/label><\/p> <\/div> <\/div> <\/div><div class=\"borlabs-hide\" data-borlabs-cookie-type=\"content-blocker\" data-borlabs-cookie-id=\"googlemaps\"><script type=\"text\/template\">PGlmcmFtZSBsb2FkaW5nPSJsYXp5IgoJCQkJCXNyYz0iaHR0cHM6Ly9tYXBzLmdvb2dsZS5jb20vbWFwcz9xPUtvbnJhZC1adXNlLVN0cmElQzMlOUZlJTIwMTIlMjA3MTAzNCUyMEIlQzMlQjZibGluZ2VuJiMwMzg7dD1tJiMwMzg7ej0xMSYjMDM4O291dHB1dD1lbWJlZCYjMDM4O2l3bG9jPW5lYXIiCgkJCQkJdGl0bGU9IktvbnJhZC1adXNlLVN0cmHDn2UgMTIgNzEwMzQgQsO2YmxpbmdlbiIKCQkJCQlhcmlhLWxhYmVsPSJLb25yYWQtWnVzZS1TdHJhw59lIDEyIDcxMDM0IELDtmJsaW5nZW4iCgkJCT48L2lmcmFtZT4=<\/script><\/div><\/div>\n\t\t<\/div>\n\t\t\t\t\t\t<\/div>\n\t\t\t\t\t<\/div>\n\t\t\t\t<\/div>\n\t\t<div class=\"elementor-element elementor-element-5d8e297 e-flex e-con-boxed e-con e-parent\" data-id=\"5d8e297\" data-element_type=\"container\" data-e-type=\"container\" data-settings=\"{&quot;background_background&quot;:&quot;classic&quot;}\">\n\t\t\t\t\t<div class=\"e-con-inner\">\n\t\t\t\t<div class=\"elementor-element elementor-element-c7abf42 elementor-widget elementor-widget-heading\" data-id=\"c7abf42\" data-element_type=\"widget\" data-e-type=\"widget\" data-widget_type=\"heading.default\">\n\t\t\t\t\t<h2 class=\"elementor-heading-title elementor-size-default\">WEITERE STANDORTE<\/h2>\t\t\t\t<\/div>\n\t\t\t\t\t<\/div>\n\t\t\t\t<\/div>\n\t\t<div class=\"elementor-element elementor-element-791ed62 e-flex e-con-boxed e-con e-parent\" data-id=\"791ed62\" data-element_type=\"container\" data-e-type=\"container\">\n\t\t\t\t\t<div class=\"e-con-inner\">\n\t\t\t\t<div class=\"elementor-element elementor-element-ce9018f elementor-widget elementor-widget-template\" data-id=\"ce9018f\" data-element_type=\"widget\" data-e-type=\"widget\" data-widget_type=\"template.default\">\n\t\t\t\t<div class=\"elementor-widget-container\">\n\t\t\t\t\t\t\t<div class=\"elementor-template\">\n\t\t\t\t\t<div data-elementor-type=\"section\" data-elementor-id=\"15015\" class=\"elementor elementor-15015\" data-elementor-post-type=\"elementor_library\">\n\t\t\t<div class=\"elementor-element elementor-element-116674f e-flex e-con-boxed e-con e-parent\" data-id=\"116674f\" data-element_type=\"container\" data-e-type=\"container\">\n\t\t\t\t\t<div class=\"e-con-inner\">\n\t\t<div class=\"elementor-element elementor-element-8717808 e-con-full e-flex e-con e-child\" data-id=\"8717808\" data-element_type=\"container\" data-e-type=\"container\">\n\t\t\t\t<div class=\"elementor-element elementor-element-f6b8146 elementor-widget elementor-widget-heading\" data-id=\"f6b8146\" data-element_type=\"widget\" data-e-type=\"widget\" data-widget_type=\"heading.default\">\n\t\t\t\t\t<h2 class=\"elementor-heading-title elementor-size-default\"><a href=\"https:\/\/meinlschmidt.de\/en\/kontakt\/kontaktseite-balingen\/\">\/ STANDORT BALINGEN<\/a><\/h2>\t\t\t\t<\/div>\n\t\t\t\t<div class=\"elementor-element elementor-element-1df44ef elementor-widget elementor-widget-text-editor\" data-id=\"1df44ef\" data-element_type=\"widget\" data-e-type=\"widget\" data-widget_type=\"text-editor.default\">\n\t\t\t\t\t\t\t\t\t<p>Meinlschmidt Raumkonzepte GmbH<br \/><span style=\"color: var( --e-global-color-text ); font-family: var( --e-global-typography-text-font-family ), Sans-serif; font-weight: var( --e-global-typography-text-font-weight ); text-align: var(--text-align);\">Hauptwasen 6<br \/><\/span><span style=\"color: var( --e-global-color-text ); font-family: var( --e-global-typography-text-font-family ), Sans-serif; font-weight: var( --e-global-typography-text-font-weight ); text-align: var(--text-align);\">72336 Balingen<br \/><\/span><span style=\"color: var( --e-global-color-text ); font-family: var( --e-global-typography-text-font-family ), Sans-serif; font-weight: var( --e-global-typography-text-font-weight ); text-align: var(--text-align);\">Telefon +49 7433 26088-0<\/span><\/p><p><a href=\"mailto:balingen@meinlschmidt.de\"><span style=\"color: var( --e-global-color-text ); font-family: var( --e-global-typography-text-font-family ), Sans-serif; font-weight: var( --e-global-typography-text-font-weight ); text-align: var(--text-align);\">balingen@meinlschmidt.de<\/span><\/a><\/p>\t\t\t\t\t\t\t\t<\/div>\n\t\t\t\t<\/div>\n\t\t<div class=\"elementor-element elementor-element-dadd9c6 e-con-full e-flex e-con e-child\" data-id=\"dadd9c6\" data-element_type=\"container\" data-e-type=\"container\">\n\t\t\t\t<div class=\"elementor-element elementor-element-3c51d86 elementor-widget elementor-widget-heading\" data-id=\"3c51d86\" data-element_type=\"widget\" data-e-type=\"widget\" data-widget_type=\"heading.default\">\n\t\t\t\t\t<h2 class=\"elementor-heading-title elementor-size-default\"><a href=\"https:\/\/meinlschmidt.de\/en\/kontakt\/kontaktseite-boeblingen\/\">B\u00d6BLINGEN<\/a><\/h2>\t\t\t\t<\/div>\n\t\t\t\t<div class=\"elementor-element elementor-element-b60384e elementor-widget elementor-widget-text-editor\" data-id=\"b60384e\" data-element_type=\"widget\" data-e-type=\"widget\" data-widget_type=\"text-editor.default\">\n\t\t\t\t\t\t\t\t\t<p>Meinlschmidt Raumkonzepte GmbH<br \/>Konrad-Zuse-Stra\u00dfe 12<br \/>71034 B\u00f6blingen<br \/>Telefon +49 7031 702048-0<\/p><p><a href=\"mailto:boeblingen@meinlschmidt.de\">boeblingen@meinlschmidt.de<\/a><\/p>\t\t\t\t\t\t\t\t<\/div>\n\t\t\t\t<\/div>\n\t\t<div class=\"elementor-element elementor-element-e66bba7 e-con-full e-flex e-con e-child\" data-id=\"e66bba7\" data-element_type=\"container\" data-e-type=\"container\">\n\t\t\t\t<div class=\"elementor-element elementor-element-861c76e elementor-widget elementor-widget-heading\" data-id=\"861c76e\" data-element_type=\"widget\" data-e-type=\"widget\" data-widget_type=\"heading.default\">\n\t\t\t\t\t<h2 class=\"elementor-heading-title elementor-size-default\"><a href=\"https:\/\/meinlschmidt.de\/en\/kontakt\/kontaktseite-singen-2\/\">SINGEN<\/a><\/h2>\t\t\t\t<\/div>\n\t\t\t\t<div class=\"elementor-element elementor-element-62fb838 elementor-widget elementor-widget-text-editor\" data-id=\"62fb838\" data-element_type=\"widget\" data-e-type=\"widget\" data-widget_type=\"text-editor.default\">\n\t\t\t\t\t\t\t\t\t<p>Meinlschmidt Raumkonzepte GmbH<br \/>Werner-von-Siemens-Stra\u00dfe 25<br \/>78224 Singen<br \/>Telefon +49 7731 90338-0<\/p><p><a href=\"mailto:singen@meinlschmidt.de\">singen@meinlschmidt.de<\/a><\/p>\t\t\t\t\t\t\t\t<\/div>\n\t\t\t\t<\/div>\n\t\t<div class=\"elementor-element elementor-element-6bb6da8 e-con-full e-flex e-con e-child\" data-id=\"6bb6da8\" data-element_type=\"container\" data-e-type=\"container\">\n\t\t\t\t<div class=\"elementor-element elementor-element-4632838 elementor-widget elementor-widget-heading\" data-id=\"4632838\" data-element_type=\"widget\" data-e-type=\"widget\" data-widget_type=\"heading.default\">\n\t\t\t\t\t<h2 class=\"elementor-heading-title elementor-size-default\"><a href=\"https:\/\/meinlschmidt.de\/en\/kontakt\/kontaktseite-ulm\/\">ULM<\/a><\/h2>\t\t\t\t<\/div>\n\t\t\t\t<div class=\"elementor-element elementor-element-1bb580d elementor-widget elementor-widget-text-editor\" data-id=\"1bb580d\" data-element_type=\"widget\" data-e-type=\"widget\" data-widget_type=\"text-editor.default\">\n\t\t\t\t\t\t\t\t\t<p>Meinlschmidt Raumkonzepte GmbH<br \/>Max-Born-Stra\u00dfe 12 \u2013 Science Park III<br \/>89081 Ulm<br \/>Telefon +49 731 140065-00<\/p><p><a href=\"mailto:ulm@meinlschmidt.de\">ulm@meinlschmidt.de<\/a><\/p>\t\t\t\t\t\t\t\t<\/div>\n\t\t\t\t<\/div>\n\t\t\t\t\t<\/div>\n\t\t\t\t<\/div>\n\t\t<div class=\"elementor-element elementor-element-e79c48a e-flex e-con-boxed e-con e-parent\" data-id=\"e79c48a\" data-element_type=\"container\" data-e-type=\"container\">\n\t\t\t\t\t<div class=\"e-con-inner\">\n\t\t<div class=\"elementor-element elementor-element-b51657f e-con-full e-flex e-con e-child\" data-id=\"b51657f\" data-element_type=\"container\" data-e-type=\"container\">\n\t\t\t\t<div class=\"elementor-element elementor-element-9878f12 elementor-widget elementor-widget-heading\" data-id=\"9878f12\" data-element_type=\"widget\" data-e-type=\"widget\" data-widget_type=\"heading.default\">\n\t\t\t\t\t<h2 class=\"elementor-heading-title elementor-size-default\"><a href=\"https:\/\/meinlschmidt.de\/en\/kontakt\/kontaktseite-freiburg\/\">FREIBURG<\/a><\/h2>\t\t\t\t<\/div>\n\t\t\t\t<div class=\"elementor-element elementor-element-efc212d elementor-widget elementor-widget-text-editor\" data-id=\"efc212d\" data-element_type=\"widget\" data-e-type=\"widget\" data-widget_type=\"text-editor.default\">\n\t\t\t\t\t\t\t\t\t<p>Meinlschmidt Raumkonzepte GmbH<br \/>Bebelstra\u00dfe 6<br \/>79108 Freiburg im Breisgau<br \/>Telefon +49 761 15208-0<\/p><p><a href=\"mailto:freiburg@meinlschmidt.de\">freiburg@meinlschmidt.de<\/a><\/p>\t\t\t\t\t\t\t\t<\/div>\n\t\t\t\t<\/div>\n\t\t<div class=\"elementor-element elementor-element-e011350 e-con-full e-flex e-con e-child\" data-id=\"e011350\" data-element_type=\"container\" data-e-type=\"container\">\n\t\t\t\t<div class=\"elementor-element elementor-element-c4805fb elementor-widget elementor-widget-heading\" data-id=\"c4805fb\" data-element_type=\"widget\" data-e-type=\"widget\" data-widget_type=\"heading.default\">\n\t\t\t\t\t<h2 class=\"elementor-heading-title elementor-size-default\"><a href=\"https:\/\/meinlschmidt.de\/en\/kontakt\/kontaktseite-weingarten\/\">\/ STANDORT WEINGARTEN<\/a><\/h2>\t\t\t\t<\/div>\n\t\t\t\t<div class=\"elementor-element elementor-element-66877c2 elementor-widget elementor-widget-text-editor\" data-id=\"66877c2\" data-element_type=\"widget\" data-e-type=\"widget\" data-widget_type=\"text-editor.default\">\n\t\t\t\t\t\t\t\t\t<p>Meinlschmidt Raumkonzepte GmbH<br \/>Danziger Stra\u00dfe 7<br \/>88250 Weingarten<br \/>Telefon +49 751 56134-0<\/p><p><a href=\"mailto:weingarten@meinlschmidt.de\">weingarten@meinlschmidt.de<\/a><\/p>\t\t\t\t\t\t\t\t<\/div>\n\t\t\t\t<\/div>\n\t\t<div class=\"elementor-element elementor-element-75c5b09 e-con-full e-flex e-con e-child\" data-id=\"75c5b09\" data-element_type=\"container\" data-e-type=\"container\">\n\t\t\t\t<div class=\"elementor-element elementor-element-e3c7948 elementor-widget elementor-widget-heading\" data-id=\"e3c7948\" data-element_type=\"widget\" data-e-type=\"widget\" data-widget_type=\"heading.default\">\n\t\t\t\t\t<h2 class=\"elementor-heading-title elementor-size-default\"><a href=\"https:\/\/meinlschmidt.de\/en\/kontakt\/kontaktseite-memmingen\/\">MEMMINGEN<\/a><\/h2>\t\t\t\t<\/div>\n\t\t\t\t<div class=\"elementor-element elementor-element-3e77b4a elementor-widget elementor-widget-text-editor\" data-id=\"3e77b4a\" data-element_type=\"widget\" data-e-type=\"widget\" data-widget_type=\"text-editor.default\">\n\t\t\t\t\t\t\t\t\t<p>Meinlschmidt Raumkonzepte GmbH<br \/>Lindentorstra\u00dfe 1\/3<br \/>87700 Memmingen<br \/>Telefon +49 8331 8394-0<\/p><p><a href=\"mailto:memmingen@meinlschmidt.de\">memmingen@meinlschmidt.de<\/a><\/p>\t\t\t\t\t\t\t\t<\/div>\n\t\t\t\t<\/div>\n\t\t<div class=\"elementor-element elementor-element-9be8070 e-con-full e-flex e-con e-child\" data-id=\"9be8070\" data-element_type=\"container\" data-e-type=\"container\">\n\t\t\t\t<div class=\"elementor-element elementor-element-f1cd125 elementor-widget elementor-widget-heading\" data-id=\"f1cd125\" data-element_type=\"widget\" data-e-type=\"widget\" data-widget_type=\"heading.default\">\n\t\t\t\t\t<h2 class=\"elementor-heading-title elementor-size-default\"><a href=\"https:\/\/meinlschmidt.de\/en\/kontakt\/kontaktseite-goeppingen\/\">\/ STANDORT G\u00d6PPINGEN<\/a><\/h2>\t\t\t\t<\/div>\n\t\t\t\t<div class=\"elementor-element elementor-element-ec05889 elementor-widget elementor-widget-text-editor\" data-id=\"ec05889\" data-element_type=\"widget\" data-e-type=\"widget\" data-widget_type=\"text-editor.default\">\n\t\t\t\t\t\t\t\t\t<p>Meinlschmidt Raumkonzepte GmbH<br \/>Manfred-W\u00f6rner-Stra\u00dfe 115<br \/>73037 G\u00f6ppingen<br \/>Telefon +49 7161 94094-44<\/p><p><a href=\"mailto:goeppingen@meinlschmidt.de\">goeppingen@meinlschmidt.de <\/a><\/p>\t\t\t\t\t\t\t\t<\/div>\n\t\t\t\t<\/div>\n\t\t\t\t\t<\/div>\n\t\t\t\t<\/div>\n\t\t<div class=\"elementor-element elementor-element-1f2aba5 e-flex e-con-boxed e-con e-parent\" data-id=\"1f2aba5\" data-element_type=\"container\" data-e-type=\"container\">\n\t\t\t\t\t<div class=\"e-con-inner\">\n\t\t<div class=\"elementor-element elementor-element-c4038f9 e-con-full e-flex e-con e-child\" data-id=\"c4038f9\" data-element_type=\"container\" data-e-type=\"container\">\n\t\t\t\t<div class=\"elementor-element elementor-element-0227a54 elementor-widget elementor-widget-heading\" data-id=\"0227a54\" data-element_type=\"widget\" data-e-type=\"widget\" data-widget_type=\"heading.default\">\n\t\t\t\t\t<h2 class=\"elementor-heading-title elementor-size-default\"><a href=\"https:\/\/office-vision.de\/\">\/ OFFICE VISION<\/a><\/h2>\t\t\t\t<\/div>\n\t\t\t\t<div class=\"elementor-element elementor-element-7cb2469 elementor-widget elementor-widget-text-editor\" data-id=\"7cb2469\" data-element_type=\"widget\" data-e-type=\"widget\" data-widget_type=\"text-editor.default\">\n\t\t\t\t\t\t\t\t\t<p>Office Vision \u2013 Eine Marke der Meinlschmidt\u00a0\u00a0<br \/><span style=\"color: var( --e-global-color-text );font-family: var( --e-global-typography-text-font-family ), Sans-serif;font-weight: var( --e-global-typography-text-font-weight );text-align: var(--text-align)\">Raumkonzepte GmbH<br \/><\/span><span style=\"color: var( --e-global-color-text );font-family: var( --e-global-typography-text-font-family ), Sans-serif;font-weight: var( --e-global-typography-text-font-weight );text-align: var(--text-align)\">Hauptwasen 6<br \/><\/span><span style=\"color: var( --e-global-color-text );font-family: var( --e-global-typography-text-font-family ), Sans-serif;font-weight: var( --e-global-typography-text-font-weight );text-align: var(--text-align)\">72336 Balingen<br \/><\/span><span style=\"color: var( --e-global-color-text );font-family: var( --e-global-typography-text-font-family ), Sans-serif;font-weight: var( --e-global-typography-text-font-weight );text-align: var(--text-align)\">Telefon +49 7031 702048-0<\/span><\/p><p><a href=\"mailto:info@office-vision.de\">info@office-vision.de<\/a><br \/><a href=\"http:\/\/www.office-vision.de\">www.office-vision.de<\/a><\/p>\t\t\t\t\t\t\t\t<\/div>\n\t\t\t\t<\/div>\n\t\t<div class=\"elementor-element elementor-element-a1d990f e-con-full e-flex e-con e-child\" data-id=\"a1d990f\" data-element_type=\"container\" data-e-type=\"container\">\n\t\t\t\t<div class=\"elementor-element elementor-element-98e5121 elementor-widget elementor-widget-heading\" data-id=\"98e5121\" data-element_type=\"widget\" data-e-type=\"widget\" data-widget_type=\"heading.default\">\n\t\t\t\t\t<h2 class=\"elementor-heading-title elementor-size-default\"><a href=\"https:\/\/www.galerie-meinlschmidt.de\/\">\/ GALERIE BALINGEN<\/a><\/h2>\t\t\t\t<\/div>\n\t\t\t\t<div class=\"elementor-element elementor-element-79258b7 elementor-widget elementor-widget-text-editor\" data-id=\"79258b7\" data-element_type=\"widget\" data-e-type=\"widget\" data-widget_type=\"text-editor.default\">\n\t\t\t\t\t\t\t\t\t<p>Galerie Meinlschmidt<br \/><span style=\"color: var( --e-global-color-text ); font-family: var( --e-global-typography-text-font-family ), Sans-serif; font-weight: var( --e-global-typography-text-font-weight ); text-align: var(--text-align);\">Hauptwasen 6<br \/><\/span><span style=\"color: var( --e-global-color-text ); font-family: var( --e-global-typography-text-font-family ), Sans-serif; font-weight: var( --e-global-typography-text-font-weight ); text-align: var(--text-align);\">72336 Balingen<\/span><br \/>Telefon: +49 171 9352602\u00a0\u00a0\u00a0\u00a0\u00a0\u00a0\u00a0\u00a0\u00a0\u00a0\u00a0\u00a0\u00a0<\/p><p><a href=\"mailto:hk@meinlschmidt.de\">hk@meinlschmidt.de<\/a><\/p>\t\t\t\t\t\t\t\t<\/div>\n\t\t\t\t<\/div>\n\t\t<div class=\"elementor-element elementor-element-d280a7c e-con-full e-flex e-con e-child\" data-id=\"d280a7c\" data-element_type=\"container\" data-e-type=\"container\">\n\t\t\t\t<div class=\"elementor-element elementor-element-1b4bba1 elementor-widget elementor-widget-heading\" data-id=\"1b4bba1\" data-element_type=\"widget\" data-e-type=\"widget\" data-widget_type=\"heading.default\">\n\t\t\t\t\t<h2 class=\"elementor-heading-title elementor-size-default\"><a href=\"https:\/\/www.galerie-meinlschmidt.de\/\">\/ GALERIE ULM<\/a><\/h2>\t\t\t\t<\/div>\n\t\t\t\t<div class=\"elementor-element elementor-element-2fe976a elementor-widget elementor-widget-text-editor\" data-id=\"2fe976a\" data-element_type=\"widget\" data-e-type=\"widget\" data-widget_type=\"text-editor.default\">\n\t\t\t\t\t\t\t\t\t<p>Galerie Meinlschmidt\u00a0<br \/><span style=\"color: var( --e-global-color-text ); text-align: var(--text-align);\">Dreik\u00f6niggasse 20<br \/><\/span><span style=\"color: var( --e-global-color-text ); text-align: var(--text-align);\">89073 Ulm<br \/><\/span><span style=\"color: var( --e-global-color-text ); text-align: var(--text-align);\">Telefon: +49 731 14006560<\/span><\/p><p><a href=\"mailto:me@meinlschmidt.de\"><span style=\"color: var( --e-global-color-text ); font-family: var( --e-global-typography-text-font-family ), Sans-serif; font-weight: var( --e-global-typography-text-font-weight ); text-align: var(--text-align);\">m<\/span><span style=\"color: var( --e-global-color-text ); font-family: var( --e-global-typography-text-font-family ), Sans-serif; font-weight: var( --e-global-typography-text-font-weight ); text-align: var(--text-align);\">e@meinlschmidt.de<\/span><\/a><\/p>\t\t\t\t\t\t\t\t<\/div>\n\t\t\t\t<\/div>\n\t\t<div class=\"elementor-element elementor-element-6481818 e-con-full e-flex e-con e-child\" data-id=\"6481818\" data-element_type=\"container\" data-e-type=\"container\">\n\t\t\t\t<div class=\"elementor-element elementor-element-c11973a elementor-widget elementor-widget-heading\" data-id=\"c11973a\" data-element_type=\"widget\" data-e-type=\"widget\" data-widget_type=\"heading.default\">\n\t\t\t\t\t<h2 class=\"elementor-heading-title elementor-size-default\">\/ LIVING LAB<\/h2>\t\t\t\t<\/div>\n\t\t\t\t<div class=\"elementor-element elementor-element-237c146 elementor-widget elementor-widget-text-editor\" data-id=\"237c146\" data-element_type=\"widget\" data-e-type=\"widget\" data-widget_type=\"text-editor.default\">\n\t\t\t\t\t\t\t\t\t<p>Meinlschmidt Raumkonzepte GmbH<br \/>Hauptwasen 6<br \/>72336 Balingen<br \/>Telefon +49 7433 26088-14<\/p><p><a href=\"mailto:livinglab@meinlschmidt.de\">livinglab@meinlschmidt.de<\/a><\/p>\t\t\t\t\t\t\t\t<\/div>\n\t\t\t\t<\/div>\n\t\t\t\t\t<\/div>\n\t\t\t\t<\/div>\n\t\t\t\t<\/div>\n\t\t\t\t<\/div>\n\t\t\t\t\t\t<\/div>\n\t\t\t\t<\/div>\n\t\t\t\t\t<\/div>\n\t\t\t\t<\/div>\n\t\t\t\t<\/div>","protected":false},"excerpt":{"rendered":"<p>SAY HI. ZU UNSEREN ARBEITSWELTEN VISION\u00c4REN \/ STANDORT B\u00d6BLINGEN Konrad-Zuse-Stra\u00dfe 1271034 B\u00f6blingen Termin nur nach Vereinbarung! Stefan SchomerusProkurist \/ Sales Manager sts@meinlschmidt.de+49 7031 702048-14 Mit dem Laden der Karte akzeptieren Sie die Datenschutzerkl\u00e4rung von Google.Mehr erfahren Karte laden Google Maps immer entsperren WEITERE STANDORTE<\/p>","protected":false},"author":4,"featured_media":0,"parent":3466,"menu_order":3,"comment_status":"closed","ping_status":"closed","template":"","meta":{"_acf_changed":false,"content-type":"","footnotes":""},"class_list":["post-9434","page","type-page","status-publish","hentry"],"acf":[],"yoast_head":"<!-- This site is optimized with the Yoast SEO plugin v24.2 - https:\/\/yoast.com\/wordpress\/plugins\/seo\/ -->\n<title>B\u00f6blingen - Meinlschmidt<\/title>\n<meta name=\"robots\" content=\"index, follow, max-snippet:-1, max-image-preview:large, max-video-preview:-1\" \/>\n<link rel=\"canonical\" href=\"https:\/\/meinlschmidt.de\/en\/kontakt\/kontaktseite-boeblingen\/\" \/>\n<meta property=\"og:locale\" content=\"en_US\" \/>\n<meta property=\"og:type\" content=\"article\" \/>\n<meta property=\"og:title\" content=\"B\u00f6blingen - Meinlschmidt\" \/>\n<meta property=\"og:description\" content=\"SAY HI. ZU UNSEREN ARBEITSWELTEN VISION\u00c4REN \/ STANDORT B\u00d6BLINGEN Konrad-Zuse-Stra\u00dfe 1271034 B\u00f6blingen Termin nur nach Vereinbarung! Stefan SchomerusProkurist \/ Sales Manager sts@meinlschmidt.de+49 7031 702048-14 Mit dem Laden der Karte akzeptieren Sie die Datenschutzerkl\u00e4rung von Google.Mehr erfahren Karte laden Google Maps immer entsperren WEITERE STANDORTE\" \/>\n<meta property=\"og:url\" content=\"https:\/\/meinlschmidt.de\/en\/kontakt\/kontaktseite-boeblingen\/\" \/>\n<meta property=\"og:site_name\" content=\"Meinlschmidt\" \/>\n<meta property=\"article:modified_time\" content=\"2026-08-28T12:02:04+00:00\" \/>\n<meta property=\"og:image\" content=\"https:\/\/meinlschmidt.de\/wp-content\/uploads\/elementor\/thumbs\/Bild-Stefan-qh30domueza6upfvwqo5ekpbhy4jroi6vhm97mfq1s.png\" \/>\n<meta name=\"twitter:card\" content=\"summary_large_image\" \/>\n<meta name=\"twitter:label1\" content=\"Est. reading time\" \/>\n\t<meta name=\"twitter:data1\" content=\"2 minutes\" \/>\n<script type=\"application\/ld+json\" class=\"yoast-schema-graph\">{\"@context\":\"https:\/\/schema.org\",\"@graph\":[{\"@type\":\"WebPage\",\"@id\":\"https:\/\/meinlschmidt.de\/kontakt\/kontaktseite-boeblingen\/\",\"url\":\"https:\/\/meinlschmidt.de\/kontakt\/kontaktseite-boeblingen\/\",\"name\":\"B\u00f6blingen - Meinlschmidt\",\"isPartOf\":{\"@id\":\"https:\/\/meinlschmidt.de\/#website\"},\"primaryImageOfPage\":{\"@id\":\"https:\/\/meinlschmidt.de\/kontakt\/kontaktseite-boeblingen\/#primaryimage\"},\"image\":{\"@id\":\"https:\/\/meinlschmidt.de\/kontakt\/kontaktseite-boeblingen\/#primaryimage\"},\"thumbnailUrl\":\"https:\/\/meinlschmidt.de\/wp-content\/uploads\/elementor\/thumbs\/Bild-Stefan-qh30domueza6upfvwqo5ekpbhy4jroi6vhm97mfq1s.png\",\"datePublished\":\"2023-12-19T14:05:10+00:00\",\"dateModified\":\"2026-08-28T12:02:04+00:00\",\"breadcrumb\":{\"@id\":\"https:\/\/meinlschmidt.de\/kontakt\/kontaktseite-boeblingen\/#breadcrumb\"},\"inLanguage\":\"en-US\",\"potentialAction\":[{\"@type\":\"ReadAction\",\"target\":[\"https:\/\/meinlschmidt.de\/kontakt\/kontaktseite-boeblingen\/\"]}]},{\"@type\":\"ImageObject\",\"inLanguage\":\"en-US\",\"@id\":\"https:\/\/meinlschmidt.de\/kontakt\/kontaktseite-boeblingen\/#primaryimage\",\"url\":\"https:\/\/meinlschmidt.de\/wp-content\/uploads\/elementor\/thumbs\/Bild-Stefan-qh30domueza6upfvwqo5ekpbhy4jroi6vhm97mfq1s.png\",\"contentUrl\":\"https:\/\/meinlschmidt.de\/wp-content\/uploads\/elementor\/thumbs\/Bild-Stefan-qh30domueza6upfvwqo5ekpbhy4jroi6vhm97mfq1s.png\"},{\"@type\":\"BreadcrumbList\",\"@id\":\"https:\/\/meinlschmidt.de\/kontakt\/kontaktseite-boeblingen\/#breadcrumb\",\"itemListElement\":[{\"@type\":\"ListItem\",\"position\":1,\"name\":\"Startseite\",\"item\":\"https:\/\/meinlschmidt.de\/\"},{\"@type\":\"ListItem\",\"position\":2,\"name\":\"Kontakt\",\"item\":\"https:\/\/meinlschmidt.de\/kontakt\/\"},{\"@type\":\"ListItem\",\"position\":3,\"name\":\"B\u00f6blingen\"}]},{\"@type\":\"WebSite\",\"@id\":\"https:\/\/meinlschmidt.de\/#website\",\"url\":\"https:\/\/meinlschmidt.de\/\",\"name\":\"Meinlschmidt\",\"description\":\"\",\"potentialAction\":[{\"@type\":\"SearchAction\",\"target\":{\"@type\":\"EntryPoint\",\"urlTemplate\":\"https:\/\/meinlschmidt.de\/?s={search_term_string}\"},\"query-input\":{\"@type\":\"PropertyValueSpecification\",\"valueRequired\":true,\"valueName\":\"search_term_string\"}}],\"inLanguage\":\"en-US\"}]}<\/script>\n<!-- \/ Yoast SEO plugin. -->","yoast_head_json":{"title":"B\u00f6blingen - Meinlschmidt","robots":{"index":"index","follow":"follow","max-snippet":"max-snippet:-1","max-image-preview":"max-image-preview:large","max-video-preview":"max-video-preview:-1"},"canonical":"https:\/\/meinlschmidt.de\/en\/kontakt\/kontaktseite-boeblingen\/","og_locale":"en_US","og_type":"article","og_title":"B\u00f6blingen - Meinlschmidt","og_description":"SAY HI. ZU UNSEREN ARBEITSWELTEN VISION\u00c4REN \/ STANDORT B\u00d6BLINGEN Konrad-Zuse-Stra\u00dfe 1271034 B\u00f6blingen Termin nur nach Vereinbarung! Stefan SchomerusProkurist \/ Sales Manager sts@meinlschmidt.de+49 7031 702048-14 Mit dem Laden der Karte akzeptieren Sie die Datenschutzerkl\u00e4rung von Google.Mehr erfahren Karte laden Google Maps immer entsperren WEITERE STANDORTE","og_url":"https:\/\/meinlschmidt.de\/en\/kontakt\/kontaktseite-boeblingen\/","og_site_name":"Meinlschmidt","article_modified_time":"2026-08-28T12:02:04+00:00","og_image":[{"url":"https:\/\/meinlschmidt.de\/wp-content\/uploads\/elementor\/thumbs\/Bild-Stefan-qh30domueza6upfvwqo5ekpbhy4jroi6vhm97mfq1s.png","type":"","width":"","height":""}],"twitter_card":"summary_large_image","twitter_misc":{"Est. reading time":"2 minutes"},"schema":{"@context":"https:\/\/schema.org","@graph":[{"@type":"WebPage","@id":"https:\/\/meinlschmidt.de\/kontakt\/kontaktseite-boeblingen\/","url":"https:\/\/meinlschmidt.de\/kontakt\/kontaktseite-boeblingen\/","name":"B\u00f6blingen - Meinlschmidt","isPartOf":{"@id":"https:\/\/meinlschmidt.de\/#website"},"primaryImageOfPage":{"@id":"https:\/\/meinlschmidt.de\/kontakt\/kontaktseite-boeblingen\/#primaryimage"},"image":{"@id":"https:\/\/meinlschmidt.de\/kontakt\/kontaktseite-boeblingen\/#primaryimage"},"thumbnailUrl":"https:\/\/meinlschmidt.de\/wp-content\/uploads\/elementor\/thumbs\/Bild-Stefan-qh30domueza6upfvwqo5ekpbhy4jroi6vhm97mfq1s.png","datePublished":"2023-12-19T14:05:10+00:00","dateModified":"2026-08-28T12:02:04+00:00","breadcrumb":{"@id":"https:\/\/meinlschmidt.de\/kontakt\/kontaktseite-boeblingen\/#breadcrumb"},"inLanguage":"en-US","potentialAction":[{"@type":"ReadAction","target":["https:\/\/meinlschmidt.de\/kontakt\/kontaktseite-boeblingen\/"]}]},{"@type":"ImageObject","inLanguage":"en-US","@id":"https:\/\/meinlschmidt.de\/kontakt\/kontaktseite-boeblingen\/#primaryimage","url":"https:\/\/meinlschmidt.de\/wp-content\/uploads\/elementor\/thumbs\/Bild-Stefan-qh30domueza6upfvwqo5ekpbhy4jroi6vhm97mfq1s.png","contentUrl":"https:\/\/meinlschmidt.de\/wp-content\/uploads\/elementor\/thumbs\/Bild-Stefan-qh30domueza6upfvwqo5ekpbhy4jroi6vhm97mfq1s.png"},{"@type":"BreadcrumbList","@id":"https:\/\/meinlschmidt.de\/kontakt\/kontaktseite-boeblingen\/#breadcrumb","itemListElement":[{"@type":"ListItem","position":1,"name":"Startseite","item":"https:\/\/meinlschmidt.de\/"},{"@type":"ListItem","position":2,"name":"Kontakt","item":"https:\/\/meinlschmidt.de\/kontakt\/"},{"@type":"ListItem","position":3,"name":"B\u00f6blingen"}]},{"@type":"WebSite","@id":"https:\/\/meinlschmidt.de\/#website","url":"https:\/\/meinlschmidt.de\/","name":"Meinlschmidt","description":"","potentialAction":[{"@type":"SearchAction","target":{"@type":"EntryPoint","urlTemplate":"https:\/\/meinlschmidt.de\/?s={search_term_string}"},"query-input":{"@type":"PropertyValueSpecification","valueRequired":true,"valueName":"search_term_string"}}],"inLanguage":"en-US"}]}},"_links":{"self":[{"href":"https:\/\/meinlschmidt.de\/en\/wp-json\/wp\/v2\/pages\/9434","targetHints":{"allow":["GET"]}}],"collection":[{"href":"https:\/\/meinlschmidt.de\/en\/wp-json\/wp\/v2\/pages"}],"about":[{"href":"https:\/\/meinlschmidt.de\/en\/wp-json\/wp\/v2\/types\/page"}],"author":[{"embeddable":true,"href":"https:\/\/meinlschmidt.de\/en\/wp-json\/wp\/v2\/users\/4"}],"replies":[{"embeddable":true,"href":"https:\/\/meinlschmidt.de\/en\/wp-json\/wp\/v2\/comments?post=9434"}],"version-history":[{"count":67,"href":"https:\/\/meinlschmidt.de\/en\/wp-json\/wp\/v2\/pages\/9434\/revisions"}],"predecessor-version":[{"id":15107,"href":"https:\/\/meinlschmidt.de\/en\/wp-json\/wp\/v2\/pages\/9434\/revisions\/15107"}],"up":[{"embeddable":true,"href":"https:\/\/meinlschmidt.de\/en\/wp-json\/wp\/v2\/pages\/3466"}],"wp:attachment":[{"href":"https:\/\/meinlschmidt.de\/en\/wp-json\/wp\/v2\/media?parent=9434"}],"curies":[{"name":"wp","href":"https:\/\/api.w.org\/{rel}","templated":true}]}}