{"id":13765,"date":"2025-01-09T11:25:40","date_gmt":"2025-01-09T10:25:40","guid":{"rendered":"https:\/\/meinlschmidt.de\/?page_id=13765"},"modified":"2025-01-16T14:16:32","modified_gmt":"2025-01-16T13:16:32","slug":"zusage-event","status":"publish","type":"page","link":"https:\/\/meinlschmidt.de\/en\/zusage-event\/","title":{"rendered":"Zusage Event"},"content":{"rendered":"<div data-elementor-type=\"wp-page\" data-elementor-id=\"13765\" class=\"elementor elementor-13765\" data-elementor-post-type=\"page\">\n\t\t\t\t<div class=\"elementor-element elementor-element-8ecd000 e-flex e-con-boxed e-con e-parent\" data-id=\"8ecd000\" data-element_type=\"container\">\n\t\t\t\t\t<div class=\"e-con-inner\">\n\t\t\t\t<div class=\"elementor-element elementor-element-6deec45 elementor-widget elementor-widget-image\" data-id=\"6deec45\" data-element_type=\"widget\" data-widget_type=\"image.default\">\n\t\t\t\t\t\t\t\t\t\t\t\t\t\t\t<img fetchpriority=\"high\" decoding=\"async\" width=\"14173\" height=\"3543\" src=\"https:\/\/meinlschmidt.de\/wp-content\/uploads\/2025\/01\/Banner-Event.png\" class=\"attachment-full size-full wp-image-13805\" alt=\"\" srcset=\"https:\/\/meinlschmidt.de\/wp-content\/uploads\/2025\/01\/Banner-Event.png 14173w, https:\/\/meinlschmidt.de\/wp-content\/uploads\/2025\/01\/Banner-Event-300x75.png 300w, https:\/\/meinlschmidt.de\/wp-content\/uploads\/2025\/01\/Banner-Event-1024x256.png 1024w, https:\/\/meinlschmidt.de\/wp-content\/uploads\/2025\/01\/Banner-Event-768x192.png 768w, https:\/\/meinlschmidt.de\/wp-content\/uploads\/2025\/01\/Banner-Event-1536x384.png 1536w, https:\/\/meinlschmidt.de\/wp-content\/uploads\/2025\/01\/Banner-Event-2048x512.png 2048w, https:\/\/meinlschmidt.de\/wp-content\/uploads\/2025\/01\/Banner-Event-18x4.png 18w\" sizes=\"(max-width: 14173px) 100vw, 14173px\" \/>\t\t\t\t\t\t\t\t\t\t\t\t\t\t\t<\/div>\n\t\t\t\t\t<\/div>\n\t\t\t\t<\/div>\n\t\t<div class=\"elementor-element elementor-element-69b3452 e-flex e-con-boxed e-con e-parent\" data-id=\"69b3452\" data-element_type=\"container\">\n\t\t\t\t\t<div class=\"e-con-inner\">\n\t\t\t\t<div class=\"elementor-element elementor-element-847d722 elementor-widget elementor-widget-heading\" data-id=\"847d722\" data-element_type=\"widget\" data-widget_type=\"heading.default\">\n\t\t\t\t\t<h2 class=\"elementor-heading-title elementor-size-default\">Anmeldung<\/h2>\t\t\t\t<\/div>\n\t\t\t\t\t<\/div>\n\t\t\t\t<\/div>\n\t\t<div class=\"elementor-element elementor-element-75527b0 e-flex e-con-boxed e-con e-parent\" data-id=\"75527b0\" data-element_type=\"container\">\n\t\t\t\t\t<div class=\"e-con-inner\">\n\t\t\t\t<div class=\"elementor-element elementor-element-fc8b975 elementor-button-align-stretch elementor-widget elementor-widget-form\" data-id=\"fc8b975\" data-element_type=\"widget\" data-settings=\"{&quot;step_next_label&quot;:&quot;N\\u00e4chster&quot;,&quot;step_previous_label&quot;:&quot;Voriger&quot;,&quot;button_width&quot;:&quot;100&quot;,&quot;step_type&quot;:&quot;number_text&quot;,&quot;step_icon_shape&quot;:&quot;circle&quot;}\" data-widget_type=\"form.default\">\n\t\t\t\t<div class=\"elementor-widget-container\">\n\t\t\t\t\t\t\t<form class=\"elementor-form\" method=\"post\" name=\"Neues Formular\" action=\"\">\n\t\t\t<input type=\"hidden\" name=\"post_id\" value=\"13765\"\/>\n\t\t\t<input type=\"hidden\" name=\"form_id\" value=\"fc8b975\"\/>\n\t\t\t<input type=\"hidden\" name=\"referer_title\" value=\"Zusage Event - Meinlschmidt\" \/>\n\n\t\t\t\t\t\t\t<input type=\"hidden\" name=\"queried_id\" value=\"13765\"\/>\n\t\t\t\n\t\t\t<div class=\"elementor-form-fields-wrapper elementor-labels-above\">\n\t\t\t\t\t\t\t\t<div class=\"elementor-field-type-text elementor-field-group elementor-column elementor-field-group-name elementor-col-100 elementor-field-required\">\n\t\t\t\t\t\t\t\t\t\t\t\t<label for=\"form-field-name\" class=\"elementor-field-label\">\n\t\t\t\t\t\t\t\tVor- und Nachname\t\t\t\t\t\t\t<\/label>\n\t\t\t\t\t\t\t\t\t\t\t\t\t\t<input size=\"1\" type=\"text\" name=\"form_fields[name]\" id=\"form-field-name\" class=\"elementor-field elementor-size-md  elementor-field-textual\" placeholder=\"Name\" required=\"required\" aria-required=\"true\">\n\t\t\t\t\t\t\t\t\t\t\t<\/div>\n\t\t\t\t\t\t\t\t<div class=\"elementor-field-type-text elementor-field-group elementor-column elementor-field-group-field_824b65b elementor-col-100\">\n\t\t\t\t\t\t\t\t\t\t\t\t<label for=\"form-field-field_824b65b\" class=\"elementor-field-label\">\n\t\t\t\t\t\t\t\tFirma\t\t\t\t\t\t\t<\/label>\n\t\t\t\t\t\t\t\t\t\t\t\t\t\t<input size=\"1\" type=\"text\" name=\"form_fields[field_824b65b]\" id=\"form-field-field_824b65b\" class=\"elementor-field elementor-size-md  elementor-field-textual\" placeholder=\"Firma\">\n\t\t\t\t\t\t\t\t\t\t\t<\/div>\n\t\t\t\t\t\t\t\t<div class=\"elementor-field-type-email elementor-field-group elementor-column elementor-field-group-email elementor-col-100 elementor-field-required\">\n\t\t\t\t\t\t\t\t\t\t\t\t<label for=\"form-field-email\" class=\"elementor-field-label\">\n\t\t\t\t\t\t\t\tE-Mail\t\t\t\t\t\t\t<\/label>\n\t\t\t\t\t\t\t\t\t\t\t\t\t\t<input size=\"1\" type=\"email\" name=\"form_fields[email]\" id=\"form-field-email\" class=\"elementor-field elementor-size-md  elementor-field-textual\" placeholder=\"E-Mail\" required=\"required\" aria-required=\"true\">\n\t\t\t\t\t\t\t\t\t\t\t<\/div>\n\t\t\t\t\t\t\t\t<div class=\"elementor-field-type-tel elementor-field-group elementor-column elementor-field-group-field_cecbfea elementor-col-100\">\n\t\t\t\t\t\t\t\t\t\t\t\t<label for=\"form-field-field_cecbfea\" class=\"elementor-field-label\">\n\t\t\t\t\t\t\t\tTelefon\t\t\t\t\t\t\t<\/label>\n\t\t\t\t\t\t\t\t<input size=\"1\" type=\"tel\" name=\"form_fields[field_cecbfea]\" id=\"form-field-field_cecbfea\" class=\"elementor-field elementor-size-md  elementor-field-textual\" placeholder=\"Telefon\" pattern=\"[0-9()#&amp;+*-=.]+\" title=\"Nur Nummern oder Telefon-Zeichen (#, -, *, etc) werden akzeptiert.\">\n\n\t\t\t\t\t\t<\/div>\n\t\t\t\t\t\t\t\t<div class=\"elementor-field-type-checkbox elementor-field-group elementor-column elementor-field-group-message elementor-col-100\">\n\t\t\t\t\t\t\t\t\t\t\t\t<label for=\"form-field-message\" class=\"elementor-field-label\">\n\t\t\t\t\t\t\t\tZu-\/Absage\t\t\t\t\t\t\t<\/label>\n\t\t\t\t\t\t<div class=\"elementor-field-subgroup\"><span class=\"elementor-field-option\"><input type=\"checkbox\" value=\"Ich nehme teil.\" id=\"form-field-message-0\" name=\"form_fields[message][]\"> <label for=\"form-field-message-0\">Ich nehme teil.<\/label><\/span><span class=\"elementor-field-option\"><input type=\"checkbox\" value=\"Ich nehme teil und bringe eine Begleitperson mit.\" id=\"form-field-message-1\" name=\"form_fields[message][]\"> <label for=\"form-field-message-1\">Ich nehme teil und bringe eine Begleitperson mit.<\/label><\/span><span class=\"elementor-field-option\"><input type=\"checkbox\" value=\"Ich kann leider nicht teilnehmen.\" id=\"form-field-message-2\" name=\"form_fields[message][]\"> <label for=\"form-field-message-2\">Ich kann leider nicht teilnehmen.<\/label><\/span><\/div>\t\t\t\t<\/div>\n\t\t\t\t\t\t\t\t<div class=\"elementor-field-type-textarea elementor-field-group elementor-column elementor-field-group-field_f2d7be0 elementor-col-100\">\n\t\t\t\t\t\t\t\t\t\t\t\t<label for=\"form-field-field_f2d7be0\" class=\"elementor-field-label\">\n\t\t\t\t\t\t\t\tBitte geben Sie hier den Namen ein, sollte Sie eine Begleitperson mitbringen\t\t\t\t\t\t\t<\/label>\n\t\t\t\t\t\t<textarea class=\"elementor-field-textual elementor-field  elementor-size-md\" name=\"form_fields[field_f2d7be0]\" id=\"form-field-field_f2d7be0\" rows=\"2\"><\/textarea>\t\t\t\t<\/div>\n\t\t\t\t\t\t\t\t<div class=\"elementor-field-type-acceptance elementor-field-group elementor-column elementor-field-group-field_a82781f elementor-col-100 elementor-field-required\">\n\t\t\t\t\t\t\t<div class=\"elementor-field-subgroup\">\n\t\t\t<span class=\"elementor-field-option\">\n\t\t\t\t<input type=\"checkbox\" name=\"form_fields[field_a82781f]\" id=\"form-field-field_a82781f\" class=\"elementor-field elementor-size-md  elementor-acceptance-field\" required=\"required\" aria-required=\"true\">\n\t\t\t\t<label for=\"form-field-field_a82781f\"> Ich habe die AGB und Datenschutzbestimmungen gelesen und akzeptiere diese<\/label>\t\t\t<\/span>\n\t\t<\/div>\n\t\t\t\t\t\t<\/div>\n\t\t\t\t\t\t\t\t<div class=\"elementor-field-type-recaptcha elementor-field-group elementor-column elementor-field-group-field_9a2a4da elementor-col-100\">\n\t\t\t\t\t<div class=\"elementor-field\" id=\"form-field-field_9a2a4da\"><div class=\"elementor-g-recaptcha\" data-sitekey=\"6LfK1NQhAAAAABEGEs4_EePWCGmWh37QeRywztla\" data-type=\"v2_checkbox\" data-theme=\"light\" data-size=\"normal\"><\/div><\/div>\t\t\t\t<\/div>\n\t\t\t\t\t\t\t\t<div class=\"elementor-field-group elementor-column elementor-field-type-submit elementor-col-100 e-form__buttons\">\n\t\t\t\t\t<button class=\"elementor-button elementor-size-sm\" type=\"submit\">\n\t\t\t\t\t\t<span class=\"elementor-button-content-wrapper\">\n\t\t\t\t\t\t\t\t\t\t\t\t\t\t\t\t\t\t\t\t\t\t<span class=\"elementor-button-text\">Senden<\/span>\n\t\t\t\t\t\t\t\t\t\t\t\t\t<\/span>\n\t\t\t\t\t<\/button>\n\t\t\t\t<\/div>\n\t\t\t<\/div>\n\t\t<input type=\"hidden\" name=\"trp-form-language\" value=\"en\"\/><\/form>\n\t\t\t\t\t\t<\/div>\n\t\t\t\t<\/div>\n\t\t\t\t\t<\/div>\n\t\t\t\t<\/div>\n\t\t<div class=\"elementor-element elementor-element-d99c0a4 e-flex e-con-boxed e-con e-parent\" data-id=\"d99c0a4\" data-element_type=\"container\">\n\t\t\t\t\t<div class=\"e-con-inner\">\n\t\t\t\t<div class=\"elementor-element elementor-element-627335a elementor-widget elementor-widget-text-editor\" data-id=\"627335a\" data-element_type=\"widget\" data-widget_type=\"text-editor.default\">\n\t\t\t\t\t\t\t\t\t<p>P.S. F\u00fcr die Teilnahme an der Veranstaltung erhalten Mitglieder\/innen und Architekt\/innen der Architektenkammer Baden-W\u00fcrttemberg zwei Unterrichtsstunden gutgeschrieben. Sie erhalten im Nachgang der Veranstaltung eine Teilnahmebescheinigung.<\/p>\t\t\t\t\t\t\t\t<\/div>\n\t\t\t\t\t<\/div>\n\t\t\t\t<\/div>\n\t\t<div class=\"elementor-element elementor-element-f05fce5 e-flex e-con-boxed e-con e-parent\" data-id=\"f05fce5\" data-element_type=\"container\">\n\t\t\t\t\t<div class=\"e-con-inner\">\n\t\t\t\t<div class=\"elementor-element elementor-element-292ad9e elementor-widget elementor-widget-heading\" data-id=\"292ad9e\" data-element_type=\"widget\" data-widget_type=\"heading.default\">\n\t\t\t\t\t<h2 class=\"elementor-heading-title elementor-size-default\">Informationen zu den Impulsvortr\u00e4gen<\/h2>\t\t\t\t<\/div>\n\t\t\t\t\t<\/div>\n\t\t\t\t<\/div>\n\t\t<div class=\"elementor-element elementor-element-0b3df63 e-flex e-con-boxed e-con e-parent\" data-id=\"0b3df63\" data-element_type=\"container\">\n\t\t\t\t\t<div class=\"e-con-inner\">\n\t\t\t\t<div class=\"elementor-element elementor-element-f5c6828 elementor-widget elementor-widget-n-accordion\" data-id=\"f5c6828\" data-element_type=\"widget\" data-settings=\"{&quot;default_state&quot;:&quot;expanded&quot;,&quot;max_items_expended&quot;:&quot;one&quot;,&quot;n_accordion_animation_duration&quot;:{&quot;unit&quot;:&quot;ms&quot;,&quot;size&quot;:400,&quot;sizes&quot;:[]}}\" data-widget_type=\"nested-accordion.default\">\n\t\t\t\t\t\t\t<div class=\"e-n-accordion\" aria-label=\"Accordion. Open links with Enter or Space, close with Escape, and navigate with Arrow Keys\">\n\t\t\t\t\t\t<details id=\"e-n-accordion-item-2570\" class=\"e-n-accordion-item\" open>\n\t\t\t\t<summary class=\"e-n-accordion-item-title\" data-accordion-index=\"1\" tabindex=\"0\" aria-expanded=\"true\" aria-controls=\"e-n-accordion-item-2570\" >\n\t\t\t\t\t<span class='e-n-accordion-item-title-header'><div class=\"e-n-accordion-item-title-text\"> Raphael Gilgen <\/div><\/span>\n\t\t\t\t\t\t\t<span class='e-n-accordion-item-title-icon'>\n\t\t\t<span class='e-opened' ><svg aria-hidden=\"true\" class=\"e-font-icon-svg e-fas-minus\" viewbox=\"0 0 448 512\" xmlns=\"http:\/\/www.w3.org\/2000\/svg\"><path d=\"M416 208H32c-17.67 0-32 14.33-32 32v32c0 17.67 14.33 32 32 32h384c17.67 0 32-14.33 32-32v-32c0-17.67-14.33-32-32-32z\"><\/path><\/svg><\/span>\n\t\t\t<span class='e-closed'><svg aria-hidden=\"true\" class=\"e-font-icon-svg e-fas-plus\" viewbox=\"0 0 448 512\" xmlns=\"http:\/\/www.w3.org\/2000\/svg\"><path d=\"M416 208H272V64c0-17.67-14.33-32-32-32h-32c-17.67 0-32 14.33-32 32v144H32c-17.67 0-32 14.33-32 32v32c0 17.67 14.33 32 32 32h144v144c0 17.67 14.33 32 32 32h32c17.67 0 32-14.33 32-32V304h144c17.67 0 32-14.33 32-32v-32c0-17.67-14.33-32-32-32z\"><\/path><\/svg><\/span>\n\t\t<\/span>\n\n\t\t\t\t\t\t<\/summary>\n\t\t\t\t<div role=\"region\" aria-labelledby=\"e-n-accordion-item-2570\" class=\"elementor-element elementor-element-4de6aaa e-con-full e-flex e-con e-child\" data-id=\"4de6aaa\" data-element_type=\"container\">\n\t\t\t\t<div class=\"elementor-element elementor-element-ee2b870 elementor-widget elementor-widget-text-editor\" data-id=\"ee2b870\" data-element_type=\"widget\" data-widget_type=\"text-editor.default\">\n\t\t\t\t\t\t\t\t\t<p><b>\u201eHEY ZUKUNFT ICH BIN DABEI\u201c<\/b><br \/><span style=\"color: var( --e-global-color-text ); font-family: var( --e-global-typography-text-font-family ), Sans-serif; font-weight: var( --e-global-typography-text-font-weight ); text-align: var(--text-align);\">.\u00a0 .\u00a0 .\u00a0 und Du auch! Warum es gro\u00dfe Lust macht \u00fcber Morgen nachzudenken.<\/span><\/p><p><span style=\"color: var( --e-global-color-text ); text-align: var(--text-align);\">Der Beginn eines neuen Wirtschaftszyklus bietet Unternehmen, ob KMU oder Gro\u00dfkonzern, Chancen wie selten zuvor. Dies beginnt mit der Erkenntnis, dass die aktuellen makro\u00f6konomischen Herausforderungen nicht zyklischer Natur sind und sich mit der Zeit von selbst l\u00f6sen werden.<\/span><\/p><p><span style=\"color: var( --e-global-color-text ); text-align: var(--text-align);\">Die vor uns liegenden Ver\u00e4nderungen sind gepr\u00e4gt von einer nie dagewesenen Dynamik, in der die Zukunft mit hoher Geschwindigkeit zur Gegenwart wird. Damit ver\u00e4ndert sich auch unsere Arbeitswelt schneller, als wir es f\u00fcr m\u00f6glich gehalten haben.<\/span><\/p><p><span style=\"color: var( --e-global-color-text ); text-align: var(--text-align);\">Dabei spielt das Zusammenspiel und Ineinandergreifen von Technologien eine zentrale Rolle. Verschiedene Technologien verschmelzen immer mehr miteinander und schaffen neue Werkzeuge und M\u00f6glichkeiten, die fr\u00fcher unvorstellbar waren. Diese Entwicklung f\u00fchrt uns von einer wissensbasierten zu einer kompetenzbasierten Wirtschaft. In dieser neuen Form der Wirtschaft wird mehr Wert auf individuelle F\u00e4higkeiten und Kompetenzen gelegt als auf traditionelle Zeugnisse oder Berufsbezeichnungen.<\/span><\/p><p><span style=\"color: var( --e-global-color-text ); text-align: var(--text-align);\">In einem Impuls stellt Raphael Gielgen die Zusammenh\u00e4nge her und skizziert die Herausforderungen und Potenziale, die vor uns liegen. Alle Akteure sind gefordert, die Zukunft zu gestalten und gleichzeitig die Gegenwart zu meistern. Wir werden die Transformation in der vor uns liegenden Dekade dann schrittweise positiv gestalten, wenn wir nicht eine m\u00f6gliche Zukunft, sondern viele Alternativen ambitioniert planen.<\/span><\/p>\t\t\t\t\t\t\t\t<\/div>\n\t\t\t\t<\/div>\n\t\t\t\t\t<\/details>\n\t\t\t\t\t\t<details id=\"e-n-accordion-item-2571\" class=\"e-n-accordion-item\" >\n\t\t\t\t<summary class=\"e-n-accordion-item-title\" data-accordion-index=\"2\" tabindex=\"-1\" aria-expanded=\"false\" aria-controls=\"e-n-accordion-item-2571\" >\n\t\t\t\t\t<span class='e-n-accordion-item-title-header'><div class=\"e-n-accordion-item-title-text\"> Michael Ortmann <\/div><\/span>\n\t\t\t\t\t\t\t<span class='e-n-accordion-item-title-icon'>\n\t\t\t<span class='e-opened' ><svg aria-hidden=\"true\" class=\"e-font-icon-svg e-fas-minus\" viewbox=\"0 0 448 512\" xmlns=\"http:\/\/www.w3.org\/2000\/svg\"><path d=\"M416 208H32c-17.67 0-32 14.33-32 32v32c0 17.67 14.33 32 32 32h384c17.67 0 32-14.33 32-32v-32c0-17.67-14.33-32-32-32z\"><\/path><\/svg><\/span>\n\t\t\t<span class='e-closed'><svg aria-hidden=\"true\" class=\"e-font-icon-svg e-fas-plus\" viewbox=\"0 0 448 512\" xmlns=\"http:\/\/www.w3.org\/2000\/svg\"><path d=\"M416 208H272V64c0-17.67-14.33-32-32-32h-32c-17.67 0-32 14.33-32 32v144H32c-17.67 0-32 14.33-32 32v32c0 17.67 14.33 32 32 32h144v144c0 17.67 14.33 32 32 32h32c17.67 0 32-14.33 32-32V304h144c17.67 0 32-14.33 32-32v-32c0-17.67-14.33-32-32-32z\"><\/path><\/svg><\/span>\n\t\t<\/span>\n\n\t\t\t\t\t\t<\/summary>\n\t\t\t\t<div role=\"region\" aria-labelledby=\"e-n-accordion-item-2571\" class=\"elementor-element elementor-element-f94cb28 e-con-full e-flex e-con e-child\" data-id=\"f94cb28\" data-element_type=\"container\">\n\t\t\t\t<div class=\"elementor-element elementor-element-4429782 elementor-widget elementor-widget-text-editor\" data-id=\"4429782\" data-element_type=\"widget\" data-widget_type=\"text-editor.default\">\n\t\t\t\t\t\t\t\t\t<p><b>Suitable Work &#8211; die Arbeitswelt von morgen<\/b><\/p><p>Die Arbeitswelt hat sich in den letzten Jahren dramatisch ver\u00e4ndert. Die Herausforderungen der Digitalisierung, der demografische Wandel unddas Aufkommen hybrider Arbeitsmodelle erfordern eine Neubewertung der\u00a0<span style=\"color: var( --e-global-color-text ); text-align: var(--text-align);\">Art und Weise, wie wir Arbeitsr\u00e4ume gestalten.<\/span><\/p><p>Unsere traditionelle Vorstellung von B\u00fcror\u00e4umen, die vor allem als feste Arbeitspl\u00e4tze mit Schreibtisch und Stuhl definiert waren, ist \u00fcberholt. Die moderne Arbeitswelt verlangt nach R\u00e4umen, die nicht nur funktional sind,\u00a0<span style=\"color: var( --e-global-color-text ); text-align: var(--text-align);\">sondern auch die Flexibilit\u00e4t bieten, die den dynamischen Anforderungen heutiger Arbeitsmodelle gerecht wird.<\/span><\/p><p>Fr\u00fcher waren B\u00fcros vor allem darauf ausgelegt, den Mitarbeitenden eine feste Arbeitsumgebung zu bieten. Heute jedoch arbeiten wir zunehmend an verschiedenen Orten, und das B\u00fcro hat sich in einen zentralen Knotenpunkt f\u00fcr Kommunikation und Zusammenarbeit verwandelt.<\/p><p>Wir stehen vor der Aufgabe, diesen Wandel r\u00e4umlich abzubilden. Die Anforderungen an B\u00fcrofl\u00e4chen haben sich verschoben: Es geht nicht mehr nur um die Anzahl der Tische und St\u00fchle, sondern darum, wie gut die R\u00e4ume auf die Bed\u00fcrfnisse der Menschen sowie ihre Aufgaben und die Unternehmensprozesse abgestimmt sind.<\/p>\t\t\t\t\t\t\t\t<\/div>\n\t\t\t\t<\/div>\n\t\t\t\t\t<\/details>\n\t\t\t\t\t\t<details id=\"e-n-accordion-item-2572\" class=\"e-n-accordion-item\" >\n\t\t\t\t<summary class=\"e-n-accordion-item-title\" data-accordion-index=\"3\" tabindex=\"-1\" aria-expanded=\"false\" aria-controls=\"e-n-accordion-item-2572\" >\n\t\t\t\t\t<span class='e-n-accordion-item-title-header'><div class=\"e-n-accordion-item-title-text\"> Armin Flaisch <\/div><\/span>\n\t\t\t\t\t\t\t<span class='e-n-accordion-item-title-icon'>\n\t\t\t<span class='e-opened' ><svg aria-hidden=\"true\" class=\"e-font-icon-svg e-fas-minus\" viewbox=\"0 0 448 512\" xmlns=\"http:\/\/www.w3.org\/2000\/svg\"><path d=\"M416 208H32c-17.67 0-32 14.33-32 32v32c0 17.67 14.33 32 32 32h384c17.67 0 32-14.33 32-32v-32c0-17.67-14.33-32-32-32z\"><\/path><\/svg><\/span>\n\t\t\t<span class='e-closed'><svg aria-hidden=\"true\" class=\"e-font-icon-svg e-fas-plus\" viewbox=\"0 0 448 512\" xmlns=\"http:\/\/www.w3.org\/2000\/svg\"><path d=\"M416 208H272V64c0-17.67-14.33-32-32-32h-32c-17.67 0-32 14.33-32 32v144H32c-17.67 0-32 14.33-32 32v32c0 17.67 14.33 32 32 32h144v144c0 17.67 14.33 32 32 32h32c17.67 0 32-14.33 32-32V304h144c17.67 0 32-14.33 32-32v-32c0-17.67-14.33-32-32-32z\"><\/path><\/svg><\/span>\n\t\t<\/span>\n\n\t\t\t\t\t\t<\/summary>\n\t\t\t\t<div role=\"region\" aria-labelledby=\"e-n-accordion-item-2572\" class=\"elementor-element elementor-element-957b304 e-con-full e-flex e-con e-child\" data-id=\"957b304\" data-element_type=\"container\">\n\t\t\t\t<div class=\"elementor-element elementor-element-bb229d9 elementor-widget elementor-widget-text-editor\" data-id=\"bb229d9\" data-element_type=\"widget\" data-widget_type=\"text-editor.default\">\n\t\t\t\t\t\t\t\t\t<p><b>Projekt erbe 4.i (Erbe-Neubau in Rangendingen: Instrumentenschmiede und Kompetenzzentrum)<\/b><\/p><p>Die neue Arbeitswelt in Rangendingen vereint auf 25.000 m2 nicht nur Fortschritt und Nachhaltigkeit, sondern auch Architektur und Innenarchitektur.<br \/>Der Neubau der Erbe Medizintechnik GmbH ist einer der ersten Industriebauten in Deutschland, die den hohen Anforderungen des KfW-Effizienzhaus-Standards 40 EE entsprechen. Dieser ist revolution\u00e4r f\u00fcr Industriegeb\u00e4ude.<\/p><p><span style=\"color: var( --e-global-color-text ); text-align: var(--text-align);\">Ein hoher Energieanteil wird f\u00fcr den Eigenbedarf gewonnen. Holz- und Holzwerkstoffe, Recycling-Beton und Recycling-Aluminium wurden f\u00fcr Fassade und Ausbau verwendet &#8211; mit dem Ziel, in einer CO2-reduzierten Konstruktion \u00fcber den gesamten Geb\u00e4ude-Lebenszyklus eine optimale Arbeitsumgebung zu schaffen.<\/span><\/p><p><span style=\"color: var( --e-global-color-text ); text-align: var(--text-align);\">Des Weiteren wird Armin Flaisch folgende Punkte ansprechen:<\/span><\/p><p><strong>Bedarfe ermitteln und Voraussetzungen schaffen:<\/strong><\/p><ul><li>Wie lassen sich Grundst\u00fcck und Umfeld optimal verstehen, um die Basis f\u00fcr erfolgreiche Projekte zu schaffen?<\/li><li>Bedarfs- und Anforderungsanalysen<\/li><li>1 Projekt \/ 100erte Projektbeteiligte<\/li><\/ul><div>\u00a0<\/div><p><strong>Nachhaltigkeit im Detail:<\/strong><\/p><ul><li>Einsatz von Holz und Holzwerkstoffen: Eine nachhaltige Materialwahl in Verbindung mit Brandschutzanforderungen.<\/li><li>Integrierte Haustechnik: Wie technische Notwendigkeiten harmonisch in das Design eingebettet werden k\u00f6nnen.<\/li><\/ul><ul><li>Passive Energieeinsparung: Effiziente Konzepte, die von Anfang an Ressourcen schonen.<\/li><li>Aktive Energiegewinnung: Innovative Technologien, die Geb\u00e4ude energetisch unabh\u00e4ngig machen.<\/li><\/ul>\t\t\t\t\t\t\t\t<\/div>\n\t\t\t\t<\/div>\n\t\t\t\t\t<\/details>\n\t\t\t\t\t<\/div>\n\t\t\t\t\t\t<\/div>\n\t\t\t\t\t<\/div>\n\t\t\t\t<\/div>\n\t\t\t\t<\/div>","protected":false},"excerpt":{"rendered":"<p>Anmeldung P.S. F\u00fcr die Teilnahme an der Veranstaltung erhalten Mitglieder\/innen und Architekt\/innen der Architektenkammer Baden-W\u00fcrttemberg zwei Unterrichtsstunden gutgeschrieben. Sie erhalten im Nachgang der Veranstaltung eine Teilnahmebescheinigung. Informationen zu den Impulsvortr\u00e4gen Raphael Gilgen \u201eHEY ZUKUNFT ICH BIN DABEI\u201c.\u00a0 .\u00a0 .\u00a0 und Du auch! Warum es gro\u00dfe Lust macht \u00fcber Morgen nachzudenken. Der Beginn eines neuen Wirtschaftszyklus [&hellip;]<\/p>","protected":false},"author":4,"featured_media":0,"parent":0,"menu_order":0,"comment_status":"closed","ping_status":"closed","template":"","meta":{"_acf_changed":false,"content-type":"","footnotes":""},"class_list":["post-13765","page","type-page","status-publish","hentry"],"acf":[],"yoast_head":"<!-- This site is optimized with the Yoast SEO plugin v24.2 - https:\/\/yoast.com\/wordpress\/plugins\/seo\/ -->\n<title>Zusage Event - Meinlschmidt<\/title>\n<meta name=\"robots\" content=\"index, follow, max-snippet:-1, max-image-preview:large, max-video-preview:-1\" \/>\n<link rel=\"canonical\" href=\"https:\/\/meinlschmidt.de\/en\/zusage-event\/\" \/>\n<meta property=\"og:locale\" content=\"en_US\" \/>\n<meta property=\"og:type\" content=\"article\" \/>\n<meta property=\"og:title\" content=\"Zusage Event - Meinlschmidt\" \/>\n<meta property=\"og:description\" content=\"Anmeldung P.S. F\u00fcr die Teilnahme an der Veranstaltung erhalten Mitglieder\/innen und Architekt\/innen der Architektenkammer Baden-W\u00fcrttemberg zwei Unterrichtsstunden gutgeschrieben. Sie erhalten im Nachgang der Veranstaltung eine Teilnahmebescheinigung. Informationen zu den Impulsvortr\u00e4gen Raphael Gilgen \u201eHEY ZUKUNFT ICH BIN DABEI\u201c.\u00a0 .\u00a0 .\u00a0 und Du auch! Warum es gro\u00dfe Lust macht \u00fcber Morgen nachzudenken. Der Beginn eines neuen Wirtschaftszyklus [&hellip;]\" \/>\n<meta property=\"og:url\" content=\"https:\/\/meinlschmidt.de\/en\/zusage-event\/\" \/>\n<meta property=\"og:site_name\" content=\"Meinlschmidt\" \/>\n<meta property=\"article:modified_time\" content=\"2025-01-16T13:16:32+00:00\" \/>\n<meta property=\"og:image\" content=\"https:\/\/meinlschmidt.de\/wp-content\/uploads\/2025\/01\/Banner-Event.png\" \/>\n\t<meta property=\"og:image:width\" content=\"14173\" \/>\n\t<meta property=\"og:image:height\" content=\"3543\" \/>\n\t<meta property=\"og:image:type\" content=\"image\/png\" \/>\n<meta name=\"twitter:card\" content=\"summary_large_image\" \/>\n<meta name=\"twitter:label1\" content=\"Est. reading time\" \/>\n\t<meta name=\"twitter:data1\" content=\"1 minute\" \/>\n<script type=\"application\/ld+json\" class=\"yoast-schema-graph\">{\"@context\":\"https:\/\/schema.org\",\"@graph\":[{\"@type\":\"WebPage\",\"@id\":\"https:\/\/meinlschmidt.de\/zusage-event\/\",\"url\":\"https:\/\/meinlschmidt.de\/zusage-event\/\",\"name\":\"Zusage Event - Meinlschmidt\",\"isPartOf\":{\"@id\":\"https:\/\/meinlschmidt.de\/#website\"},\"primaryImageOfPage\":{\"@id\":\"https:\/\/meinlschmidt.de\/zusage-event\/#primaryimage\"},\"image\":{\"@id\":\"https:\/\/meinlschmidt.de\/zusage-event\/#primaryimage\"},\"thumbnailUrl\":\"https:\/\/meinlschmidt.de\/wp-content\/uploads\/2025\/01\/Banner-Event.png\",\"datePublished\":\"2025-01-09T10:25:40+00:00\",\"dateModified\":\"2025-01-16T13:16:32+00:00\",\"breadcrumb\":{\"@id\":\"https:\/\/meinlschmidt.de\/zusage-event\/#breadcrumb\"},\"inLanguage\":\"en-US\",\"potentialAction\":[{\"@type\":\"ReadAction\",\"target\":[\"https:\/\/meinlschmidt.de\/zusage-event\/\"]}]},{\"@type\":\"ImageObject\",\"inLanguage\":\"en-US\",\"@id\":\"https:\/\/meinlschmidt.de\/zusage-event\/#primaryimage\",\"url\":\"https:\/\/meinlschmidt.de\/wp-content\/uploads\/2025\/01\/Banner-Event.png\",\"contentUrl\":\"https:\/\/meinlschmidt.de\/wp-content\/uploads\/2025\/01\/Banner-Event.png\"},{\"@type\":\"BreadcrumbList\",\"@id\":\"https:\/\/meinlschmidt.de\/zusage-event\/#breadcrumb\",\"itemListElement\":[{\"@type\":\"ListItem\",\"position\":1,\"name\":\"Startseite\",\"item\":\"https:\/\/meinlschmidt.de\/\"},{\"@type\":\"ListItem\",\"position\":2,\"name\":\"Zusage Event\"}]},{\"@type\":\"WebSite\",\"@id\":\"https:\/\/meinlschmidt.de\/#website\",\"url\":\"https:\/\/meinlschmidt.de\/\",\"name\":\"Meinlschmidt\",\"description\":\"\",\"potentialAction\":[{\"@type\":\"SearchAction\",\"target\":{\"@type\":\"EntryPoint\",\"urlTemplate\":\"https:\/\/meinlschmidt.de\/?s={search_term_string}\"},\"query-input\":{\"@type\":\"PropertyValueSpecification\",\"valueRequired\":true,\"valueName\":\"search_term_string\"}}],\"inLanguage\":\"en-US\"}]}<\/script>\n<!-- \/ Yoast SEO plugin. -->","yoast_head_json":{"title":"Zusage Event - Meinlschmidt","robots":{"index":"index","follow":"follow","max-snippet":"max-snippet:-1","max-image-preview":"max-image-preview:large","max-video-preview":"max-video-preview:-1"},"canonical":"https:\/\/meinlschmidt.de\/en\/zusage-event\/","og_locale":"en_US","og_type":"article","og_title":"Zusage Event - Meinlschmidt","og_description":"Anmeldung P.S. F\u00fcr die Teilnahme an der Veranstaltung erhalten Mitglieder\/innen und Architekt\/innen der Architektenkammer Baden-W\u00fcrttemberg zwei Unterrichtsstunden gutgeschrieben. Sie erhalten im Nachgang der Veranstaltung eine Teilnahmebescheinigung. Informationen zu den Impulsvortr\u00e4gen Raphael Gilgen \u201eHEY ZUKUNFT ICH BIN DABEI\u201c.\u00a0 .\u00a0 .\u00a0 und Du auch! Warum es gro\u00dfe Lust macht \u00fcber Morgen nachzudenken. Der Beginn eines neuen Wirtschaftszyklus [&hellip;]","og_url":"https:\/\/meinlschmidt.de\/en\/zusage-event\/","og_site_name":"Meinlschmidt","article_modified_time":"2025-01-16T13:16:32+00:00","og_image":[{"width":14173,"height":3543,"url":"https:\/\/meinlschmidt.de\/wp-content\/uploads\/2025\/01\/Banner-Event.png","type":"image\/png"}],"twitter_card":"summary_large_image","twitter_misc":{"Est. reading time":"1 minute"},"schema":{"@context":"https:\/\/schema.org","@graph":[{"@type":"WebPage","@id":"https:\/\/meinlschmidt.de\/zusage-event\/","url":"https:\/\/meinlschmidt.de\/zusage-event\/","name":"Zusage Event - Meinlschmidt","isPartOf":{"@id":"https:\/\/meinlschmidt.de\/#website"},"primaryImageOfPage":{"@id":"https:\/\/meinlschmidt.de\/zusage-event\/#primaryimage"},"image":{"@id":"https:\/\/meinlschmidt.de\/zusage-event\/#primaryimage"},"thumbnailUrl":"https:\/\/meinlschmidt.de\/wp-content\/uploads\/2025\/01\/Banner-Event.png","datePublished":"2025-01-09T10:25:40+00:00","dateModified":"2025-01-16T13:16:32+00:00","breadcrumb":{"@id":"https:\/\/meinlschmidt.de\/zusage-event\/#breadcrumb"},"inLanguage":"en-US","potentialAction":[{"@type":"ReadAction","target":["https:\/\/meinlschmidt.de\/zusage-event\/"]}]},{"@type":"ImageObject","inLanguage":"en-US","@id":"https:\/\/meinlschmidt.de\/zusage-event\/#primaryimage","url":"https:\/\/meinlschmidt.de\/wp-content\/uploads\/2025\/01\/Banner-Event.png","contentUrl":"https:\/\/meinlschmidt.de\/wp-content\/uploads\/2025\/01\/Banner-Event.png"},{"@type":"BreadcrumbList","@id":"https:\/\/meinlschmidt.de\/zusage-event\/#breadcrumb","itemListElement":[{"@type":"ListItem","position":1,"name":"Startseite","item":"https:\/\/meinlschmidt.de\/"},{"@type":"ListItem","position":2,"name":"Zusage Event"}]},{"@type":"WebSite","@id":"https:\/\/meinlschmidt.de\/#website","url":"https:\/\/meinlschmidt.de\/","name":"Meinlschmidt","description":"","potentialAction":[{"@type":"SearchAction","target":{"@type":"EntryPoint","urlTemplate":"https:\/\/meinlschmidt.de\/?s={search_term_string}"},"query-input":{"@type":"PropertyValueSpecification","valueRequired":true,"valueName":"search_term_string"}}],"inLanguage":"en-US"}]}},"_links":{"self":[{"href":"https:\/\/meinlschmidt.de\/en\/wp-json\/wp\/v2\/pages\/13765","targetHints":{"allow":["GET"]}}],"collection":[{"href":"https:\/\/meinlschmidt.de\/en\/wp-json\/wp\/v2\/pages"}],"about":[{"href":"https:\/\/meinlschmidt.de\/en\/wp-json\/wp\/v2\/types\/page"}],"author":[{"embeddable":true,"href":"https:\/\/meinlschmidt.de\/en\/wp-json\/wp\/v2\/users\/4"}],"replies":[{"embeddable":true,"href":"https:\/\/meinlschmidt.de\/en\/wp-json\/wp\/v2\/comments?post=13765"}],"version-history":[{"count":40,"href":"https:\/\/meinlschmidt.de\/en\/wp-json\/wp\/v2\/pages\/13765\/revisions"}],"predecessor-version":[{"id":13933,"href":"https:\/\/meinlschmidt.de\/en\/wp-json\/wp\/v2\/pages\/13765\/revisions\/13933"}],"wp:attachment":[{"href":"https:\/\/meinlschmidt.de\/en\/wp-json\/wp\/v2\/media?parent=13765"}],"curies":[{"name":"wp","href":"https:\/\/api.w.org\/{rel}","templated":true}]}}